{"id":18248,"date":"2025-04-18T06:11:11","date_gmt":"2025-04-18T05:11:11","guid":{"rendered":"https:\/\/www.mentaymora.com\/?post_type=product&#038;p=18248"},"modified":"2026-04-21T20:53:14","modified_gmt":"2026-04-21T19:53:14","slug":"neceser-vichy-iniciales-personalizado","status":"publish","type":"product","link":"https:\/\/www.mentaymora.com\/index.php\/producto\/neceser-vichy-iniciales-personalizado\/","title":{"rendered":"Neceser Vichy INICIALES Personalizado"},"content":{"rendered":"<p>Neceser Vichy INICIALES Personalizado<\/p>\n<p>Este neceser personalizado con iniciales y estampado Vichy es el accesorio perfecto para quienes valoran lo pr\u00e1ctico, pero tambi\u00e9n quieren marcar estilo propio. Su dise\u00f1o c\u00f3modo y resistente lo hace ideal para llevar a todas partes: de viaje, al gimnasio o simplemente para tenerlo en casa con todo bien organizado.<\/p>\n<ul>\n<li>\n<p><strong>Material de loneta resistente<\/strong>: hecho para durar, con una textura agradable y f\u00e1cil de limpiar, ideal para el uso diario.<\/p>\n<\/li>\n<li>\n<p><strong>Espuma interior acolchada<\/strong>: protege el contenido sin a\u00f1adir peso, perfecto para productos de cuidado personal, maquillaje o lo que necesites.<\/p>\n<\/li>\n<li>\n<p><strong>Asas de cuero aut\u00e9ntico<\/strong>: un detalle bonito que adem\u00e1s aporta comodidad y un extra de durabilidad.<\/p>\n<\/li>\n<li>\n<p><strong>Medidas pr\u00e1cticas y c\u00f3modas<\/strong>: con 25 x 12 x 10 cm, tiene el tama\u00f1o justo para llevar lo esencial sin ocupar demasiado espacio.<\/p>\n<\/li>\n<li>\n<p><strong>Cierre con cremallera firme<\/strong>: todo queda bien guardado y f\u00e1cil de acceder cuando lo necesites.<\/p>\n<\/li>\n<li>\n<p><strong>Personalizaci\u00f3n con iniciales<\/strong>: a\u00f1ade tus iniciales y hazlo verdaderamente tuyo, o convi\u00e9rtelo en un regalo con un toque especial y \u00fanico.<\/p>\n<\/li>\n<\/ul>\n<p>Un neceser funcional, con estilo y personalidad. Ideal para organizar, llevar contigo lo necesario y lucir algo que hable de ti.<\/p>\n<p><a href=\"https:\/\/www.mentaymora.com\/\">Menta y Mora<\/a> Te Enamora\u00a0 \u00a0 S\u00edguenos en nuestras RRSS (<a href=\"https:\/\/es-es.facebook.com\/MentayMora\/\">Facebook<\/a>\u00a0e\u00a0<a href=\"https:\/\/www.instagram.com\/mentaymora.illescas\/?hl=es\">Instagram<\/a>)\u00a0 \u00a0 Si tienes alguna consulta,\u00a0<a href=\"mailto:%20info@mentaymora.com\">preg\u00fantanos<\/a>.<\/p>\n","protected":false},"excerpt":{"rendered":"<p>Este neceser personalizado con iniciales y estampado Vichy es el accesorio perfecto para quienes valoran lo pr\u00e1ctico, pero tambi\u00e9n quieren marcar estilo propio. Su dise\u00f1o c\u00f3modo y resistente lo hace ideal para llevar a todas partes: de viaje, al gimnasio o simplemente para tenerlo en casa con todo bien organizado.<\/p>\n<ul>\n<li><strong>Material de loneta resistente<\/strong>: hecho para durar, con una textura agradable y f\u00e1cil de limpiar, ideal para el uso diario.<\/li>\n<li><strong>Cierre con cremallera firme<\/strong>: todo queda bien guardado y f\u00e1cil de acceder cuando lo necesites.<\/li>\n<li><strong>Personalizaci\u00f3n con iniciales<\/strong>: a\u00f1ade tus iniciales y hazlo verdaderamente tuyo, o convi\u00e9rtelo en un regalo con un toque especial y \u00fanico.<\/li>\n<\/ul>\n","protected":false},"featured_media":18295,"comment_status":"open","ping_status":"closed","template":"","meta":{"_acf_changed":false,"_joinchat":[]},"product_brand":[1539],"product_cat":[1346,1496,1347],"product_tag":[473],"class_list":{"0":"post-18248","1":"product","2":"type-product","3":"status-publish","4":"has-post-thumbnail","6":"product_brand-menta-y-mora","7":"product_cat-mama","8":"product_cat-neceseres-personalizado","9":"product_cat-papa","10":"product_tag-neceser","11":"latest_post","13":"first","14":"instock","15":"taxable","16":"shipping-taxable","17":"purchasable","18":"product-type-variable"},"acf":[],"yoast_head":"<!-- This site is optimized with the Yoast SEO plugin v27.4 - https:\/\/yoast.com\/product\/yoast-seo-wordpress\/ -->\n<title>Neceser Vichy INICIALES Personalizado - Menta y Mora<\/title>\n<meta name=\"description\" content=\"Neceser Vichy INICIALES Personalizado Este neceser personalizado con iniciales y estampado Vichy es el accesorio perfecto para quienes valoran lo pr\u00e1ctico\" \/>\n<meta name=\"robots\" content=\"index, follow, max-snippet:-1, max-image-preview:large, max-video-preview:-1\" \/>\n<link rel=\"canonical\" href=\"https:\/\/www.mentaymora.com\/index.php\/producto\/neceser-vichy-iniciales-personalizado\/\" \/>\n<meta property=\"og:locale\" content=\"es_ES\" \/>\n<meta property=\"og:type\" content=\"article\" \/>\n<meta property=\"og:title\" content=\"Neceser Vichy INICIALES Personalizado - Menta y Mora\" \/>\n<meta property=\"og:description\" content=\"Neceser Vichy INICIALES Personalizado Este neceser personalizado con iniciales y estampado Vichy es el accesorio perfecto para quienes valoran lo pr\u00e1ctico\" \/>\n<meta property=\"og:url\" content=\"https:\/\/www.mentaymora.com\/index.php\/producto\/neceser-vichy-iniciales-personalizado\/\" \/>\n<meta property=\"og:site_name\" content=\"Menta y Mora\" \/>\n<meta property=\"article:publisher\" content=\"https:\/\/es-es.facebook.com\/MentayMora\/\" \/>\n<meta property=\"article:modified_time\" content=\"2026-04-21T19:53:14+00:00\" \/>\n<meta property=\"og:image\" content=\"https:\/\/www.mentaymora.com\/wp-content\/uploads\/2025\/04\/Ejemplo_neceser_vichy_iniciales_1.jpg\" \/>\n\t<meta property=\"og:image:width\" content=\"1200\" \/>\n\t<meta property=\"og:image:height\" content=\"1200\" \/>\n\t<meta property=\"og:image:type\" content=\"image\/jpeg\" \/>\n<meta name=\"twitter:card\" content=\"summary_large_image\" \/>\n<meta name=\"twitter:label1\" content=\"Tiempo de lectura\" \/>\n\t<meta name=\"twitter:data1\" content=\"2 minutos\" \/>\n<script type=\"application\/ld+json\" class=\"yoast-schema-graph\">{\"@context\":\"https:\\\/\\\/schema.org\",\"@graph\":[{\"@type\":\"WebPage\",\"@id\":\"https:\\\/\\\/www.mentaymora.com\\\/index.php\\\/producto\\\/neceser-vichy-iniciales-personalizado\\\/\",\"url\":\"https:\\\/\\\/www.mentaymora.com\\\/index.php\\\/producto\\\/neceser-vichy-iniciales-personalizado\\\/\",\"name\":\"Neceser Vichy INICIALES Personalizado - Menta y Mora\",\"isPartOf\":{\"@id\":\"https:\\\/\\\/www.mentaymora.com\\\/#website\"},\"primaryImageOfPage\":{\"@id\":\"https:\\\/\\\/www.mentaymora.com\\\/index.php\\\/producto\\\/neceser-vichy-iniciales-personalizado\\\/#primaryimage\"},\"image\":{\"@id\":\"https:\\\/\\\/www.mentaymora.com\\\/index.php\\\/producto\\\/neceser-vichy-iniciales-personalizado\\\/#primaryimage\"},\"thumbnailUrl\":\"https:\\\/\\\/www.mentaymora.com\\\/wp-content\\\/uploads\\\/2025\\\/04\\\/Ejemplo_neceser_vichy_iniciales_1.jpg\",\"datePublished\":\"2025-04-18T05:11:11+00:00\",\"dateModified\":\"2026-04-21T19:53:14+00:00\",\"description\":\"Neceser Vichy INICIALES Personalizado Este neceser personalizado con iniciales y estampado Vichy es el accesorio perfecto para quienes valoran lo pr\u00e1ctico\",\"breadcrumb\":{\"@id\":\"https:\\\/\\\/www.mentaymora.com\\\/index.php\\\/producto\\\/neceser-vichy-iniciales-personalizado\\\/#breadcrumb\"},\"inLanguage\":\"es\",\"potentialAction\":[{\"@type\":\"ReadAction\",\"target\":[\"https:\\\/\\\/www.mentaymora.com\\\/index.php\\\/producto\\\/neceser-vichy-iniciales-personalizado\\\/\"]}]},{\"@type\":\"ImageObject\",\"inLanguage\":\"es\",\"@id\":\"https:\\\/\\\/www.mentaymora.com\\\/index.php\\\/producto\\\/neceser-vichy-iniciales-personalizado\\\/#primaryimage\",\"url\":\"https:\\\/\\\/www.mentaymora.com\\\/wp-content\\\/uploads\\\/2025\\\/04\\\/Ejemplo_neceser_vichy_iniciales_1.jpg\",\"contentUrl\":\"https:\\\/\\\/www.mentaymora.com\\\/wp-content\\\/uploads\\\/2025\\\/04\\\/Ejemplo_neceser_vichy_iniciales_1.jpg\",\"width\":1200,\"height\":1200,\"caption\":\"Ejemplo neceser vichy iniciales 1\"},{\"@type\":\"BreadcrumbList\",\"@id\":\"https:\\\/\\\/www.mentaymora.com\\\/index.php\\\/producto\\\/neceser-vichy-iniciales-personalizado\\\/#breadcrumb\",\"itemListElement\":[{\"@type\":\"ListItem\",\"position\":1,\"name\":\"Portada\",\"item\":\"https:\\\/\\\/www.mentaymora.com\\\/\"},{\"@type\":\"ListItem\",\"position\":2,\"name\":\"Productos\",\"item\":\"https:\\\/\\\/www.mentaymora.com\\\/index.php\\\/tienda\\\/\"},{\"@type\":\"ListItem\",\"position\":3,\"name\":\"Neceser Vichy INICIALES Personalizado\"}]},{\"@type\":\"WebSite\",\"@id\":\"https:\\\/\\\/www.mentaymora.com\\\/#website\",\"url\":\"https:\\\/\\\/www.mentaymora.com\\\/\",\"name\":\"Menta y Mora\",\"description\":\"Regalos y Complementos\",\"publisher\":{\"@id\":\"https:\\\/\\\/www.mentaymora.com\\\/#organization\"},\"potentialAction\":[{\"@type\":\"SearchAction\",\"target\":{\"@type\":\"EntryPoint\",\"urlTemplate\":\"https:\\\/\\\/www.mentaymora.com\\\/?s={search_term_string}\"},\"query-input\":{\"@type\":\"PropertyValueSpecification\",\"valueRequired\":true,\"valueName\":\"search_term_string\"}}],\"inLanguage\":\"es\"},{\"@type\":\"Organization\",\"@id\":\"https:\\\/\\\/www.mentaymora.com\\\/#organization\",\"name\":\"Menta y Mora\",\"url\":\"https:\\\/\\\/www.mentaymora.com\\\/\",\"logo\":{\"@type\":\"ImageObject\",\"inLanguage\":\"es\",\"@id\":\"https:\\\/\\\/www.mentaymora.com\\\/#\\\/schema\\\/logo\\\/image\\\/\",\"url\":\"https:\\\/\\\/www.mentaymora.com\\\/wp-content\\\/uploads\\\/2021\\\/07\\\/Logo.jpg\",\"contentUrl\":\"https:\\\/\\\/www.mentaymora.com\\\/wp-content\\\/uploads\\\/2021\\\/07\\\/Logo.jpg\",\"width\":1172,\"height\":1172,\"caption\":\"Menta y Mora\"},\"image\":{\"@id\":\"https:\\\/\\\/www.mentaymora.com\\\/#\\\/schema\\\/logo\\\/image\\\/\"},\"sameAs\":[\"https:\\\/\\\/es-es.facebook.com\\\/MentayMora\\\/\",\"https:\\\/\\\/www.instagram.com\\\/mentaymora.illescas\\\/?hl=es\",\"https:\\\/\\\/www.youtube.com\\\/channel\\\/UCuMMtdck_1XS-MyW6ZnBAlw\"]}]}<\/script>\n<!-- \/ Yoast SEO plugin. -->","yoast_head_json":{"title":"Neceser Vichy INICIALES Personalizado - Menta y Mora","description":"Neceser Vichy INICIALES Personalizado Este neceser personalizado con iniciales y estampado Vichy es el accesorio perfecto para quienes valoran lo pr\u00e1ctico","robots":{"index":"index","follow":"follow","max-snippet":"max-snippet:-1","max-image-preview":"max-image-preview:large","max-video-preview":"max-video-preview:-1"},"canonical":"https:\/\/www.mentaymora.com\/index.php\/producto\/neceser-vichy-iniciales-personalizado\/","og_locale":"es_ES","og_type":"article","og_title":"Neceser Vichy INICIALES Personalizado - Menta y Mora","og_description":"Neceser Vichy INICIALES Personalizado Este neceser personalizado con iniciales y estampado Vichy es el accesorio perfecto para quienes valoran lo pr\u00e1ctico","og_url":"https:\/\/www.mentaymora.com\/index.php\/producto\/neceser-vichy-iniciales-personalizado\/","og_site_name":"Menta y Mora","article_publisher":"https:\/\/es-es.facebook.com\/MentayMora\/","article_modified_time":"2026-04-21T19:53:14+00:00","og_image":[{"width":1200,"height":1200,"url":"https:\/\/www.mentaymora.com\/wp-content\/uploads\/2025\/04\/Ejemplo_neceser_vichy_iniciales_1.jpg","type":"image\/jpeg"}],"twitter_card":"summary_large_image","twitter_misc":{"Tiempo de lectura":"2 minutos"},"schema":{"@context":"https:\/\/schema.org","@graph":[{"@type":"WebPage","@id":"https:\/\/www.mentaymora.com\/index.php\/producto\/neceser-vichy-iniciales-personalizado\/","url":"https:\/\/www.mentaymora.com\/index.php\/producto\/neceser-vichy-iniciales-personalizado\/","name":"Neceser Vichy INICIALES Personalizado - Menta y Mora","isPartOf":{"@id":"https:\/\/www.mentaymora.com\/#website"},"primaryImageOfPage":{"@id":"https:\/\/www.mentaymora.com\/index.php\/producto\/neceser-vichy-iniciales-personalizado\/#primaryimage"},"image":{"@id":"https:\/\/www.mentaymora.com\/index.php\/producto\/neceser-vichy-iniciales-personalizado\/#primaryimage"},"thumbnailUrl":"https:\/\/www.mentaymora.com\/wp-content\/uploads\/2025\/04\/Ejemplo_neceser_vichy_iniciales_1.jpg","datePublished":"2025-04-18T05:11:11+00:00","dateModified":"2026-04-21T19:53:14+00:00","description":"Neceser Vichy INICIALES Personalizado Este neceser personalizado con iniciales y estampado Vichy es el accesorio perfecto para quienes valoran lo pr\u00e1ctico","breadcrumb":{"@id":"https:\/\/www.mentaymora.com\/index.php\/producto\/neceser-vichy-iniciales-personalizado\/#breadcrumb"},"inLanguage":"es","potentialAction":[{"@type":"ReadAction","target":["https:\/\/www.mentaymora.com\/index.php\/producto\/neceser-vichy-iniciales-personalizado\/"]}]},{"@type":"ImageObject","inLanguage":"es","@id":"https:\/\/www.mentaymora.com\/index.php\/producto\/neceser-vichy-iniciales-personalizado\/#primaryimage","url":"https:\/\/www.mentaymora.com\/wp-content\/uploads\/2025\/04\/Ejemplo_neceser_vichy_iniciales_1.jpg","contentUrl":"https:\/\/www.mentaymora.com\/wp-content\/uploads\/2025\/04\/Ejemplo_neceser_vichy_iniciales_1.jpg","width":1200,"height":1200,"caption":"Ejemplo neceser vichy iniciales 1"},{"@type":"BreadcrumbList","@id":"https:\/\/www.mentaymora.com\/index.php\/producto\/neceser-vichy-iniciales-personalizado\/#breadcrumb","itemListElement":[{"@type":"ListItem","position":1,"name":"Portada","item":"https:\/\/www.mentaymora.com\/"},{"@type":"ListItem","position":2,"name":"Productos","item":"https:\/\/www.mentaymora.com\/index.php\/tienda\/"},{"@type":"ListItem","position":3,"name":"Neceser Vichy INICIALES Personalizado"}]},{"@type":"WebSite","@id":"https:\/\/www.mentaymora.com\/#website","url":"https:\/\/www.mentaymora.com\/","name":"Menta y Mora","description":"Regalos y Complementos","publisher":{"@id":"https:\/\/www.mentaymora.com\/#organization"},"potentialAction":[{"@type":"SearchAction","target":{"@type":"EntryPoint","urlTemplate":"https:\/\/www.mentaymora.com\/?s={search_term_string}"},"query-input":{"@type":"PropertyValueSpecification","valueRequired":true,"valueName":"search_term_string"}}],"inLanguage":"es"},{"@type":"Organization","@id":"https:\/\/www.mentaymora.com\/#organization","name":"Menta y Mora","url":"https:\/\/www.mentaymora.com\/","logo":{"@type":"ImageObject","inLanguage":"es","@id":"https:\/\/www.mentaymora.com\/#\/schema\/logo\/image\/","url":"https:\/\/www.mentaymora.com\/wp-content\/uploads\/2021\/07\/Logo.jpg","contentUrl":"https:\/\/www.mentaymora.com\/wp-content\/uploads\/2021\/07\/Logo.jpg","width":1172,"height":1172,"caption":"Menta y Mora"},"image":{"@id":"https:\/\/www.mentaymora.com\/#\/schema\/logo\/image\/"},"sameAs":["https:\/\/es-es.facebook.com\/MentayMora\/","https:\/\/www.instagram.com\/mentaymora.illescas\/?hl=es","https:\/\/www.youtube.com\/channel\/UCuMMtdck_1XS-MyW6ZnBAlw"]}]}},"_links":{"self":[{"href":"https:\/\/www.mentaymora.com\/index.php\/wp-json\/wp\/v2\/product\/18248","targetHints":{"allow":["GET"]}}],"collection":[{"href":"https:\/\/www.mentaymora.com\/index.php\/wp-json\/wp\/v2\/product"}],"about":[{"href":"https:\/\/www.mentaymora.com\/index.php\/wp-json\/wp\/v2\/types\/product"}],"replies":[{"embeddable":true,"href":"https:\/\/www.mentaymora.com\/index.php\/wp-json\/wp\/v2\/comments?post=18248"}],"wp:featuredmedia":[{"embeddable":true,"href":"https:\/\/www.mentaymora.com\/index.php\/wp-json\/wp\/v2\/media\/18295"}],"wp:attachment":[{"href":"https:\/\/www.mentaymora.com\/index.php\/wp-json\/wp\/v2\/media?parent=18248"}],"wp:term":[{"taxonomy":"product_brand","embeddable":true,"href":"https:\/\/www.mentaymora.com\/index.php\/wp-json\/wp\/v2\/product_brand?post=18248"},{"taxonomy":"product_cat","embeddable":true,"href":"https:\/\/www.mentaymora.com\/index.php\/wp-json\/wp\/v2\/product_cat?post=18248"},{"taxonomy":"product_tag","embeddable":true,"href":"https:\/\/www.mentaymora.com\/index.php\/wp-json\/wp\/v2\/product_tag?post=18248"}],"curies":[{"name":"wp","href":"https:\/\/api.w.org\/{rel}","templated":true}]}}